{"id":9,"date":"2018-07-15T23:04:29","date_gmt":"2018-07-15T23:04:29","guid":{"rendered":"http:\/\/lamazatleca.com\/sp\/?page_id=9"},"modified":"2021-09-01T17:32:25","modified_gmt":"2021-09-01T17:32:25","slug":"nuestra-historia","status":"publish","type":"page","link":"https:\/\/lamazatleca.com\/sp\/nuestra-historia\/","title":{"rendered":"Nuestra historia"},"content":{"rendered":"\t\t<div data-elementor-type=\"wp-post\" data-elementor-id=\"9\" class=\"elementor elementor-9\">\n\t\t\t\t\t\t<section class=\"elementor-section elementor-top-section elementor-element elementor-element-dad2fcf elementor-section-stretched elementor-section-height-min-height elementor-section-boxed elementor-section-height-default elementor-section-items-middle\" data-id=\"dad2fcf\" data-element_type=\"section\" data-e-type=\"section\" data-settings=\"{&quot;stretch_section&quot;:&quot;section-stretched&quot;,&quot;background_background&quot;:&quot;classic&quot;}\">\n\t\t\t\t\t\t<div class=\"elementor-container elementor-column-gap-default\">\n\t\t\t\t\t<div class=\"elementor-column elementor-col-100 elementor-top-column elementor-element elementor-element-ccffb98\" data-id=\"ccffb98\" data-element_type=\"column\" data-e-type=\"column\">\n\t\t\t<div class=\"elementor-widget-wrap elementor-element-populated\">\n\t\t\t\t\t\t\t<\/div>\n\t\t<\/div>\n\t\t\t\t\t<\/div>\n\t\t<\/section>\n\t\t\t\t<section class=\"elementor-section elementor-top-section elementor-element elementor-element-5d3449c elementor-section-stretched elementor-section-height-full elementor-section-boxed elementor-section-height-default elementor-section-items-middle\" data-id=\"5d3449c\" data-element_type=\"section\" data-e-type=\"section\" data-settings=\"{&quot;stretch_section&quot;:&quot;section-stretched&quot;,&quot;background_background&quot;:&quot;classic&quot;}\">\n\t\t\t\t\t\t\t<div class=\"elementor-background-overlay\"><\/div>\n\t\t\t\t\t\t\t<div class=\"elementor-container elementor-column-gap-default\">\n\t\t\t\t\t<div class=\"elementor-column elementor-col-100 elementor-top-column elementor-element elementor-element-7aa5636\" data-id=\"7aa5636\" data-element_type=\"column\" data-e-type=\"column\">\n\t\t\t<div class=\"elementor-widget-wrap elementor-element-populated\">\n\t\t\t\t\t\t<div class=\"elementor-element elementor-element-90437ad elementor-widget elementor-widget-heading\" data-id=\"90437ad\" data-element_type=\"widget\" data-e-type=\"widget\" data-widget_type=\"heading.default\">\n\t\t\t\t<div class=\"elementor-widget-container\">\n\t\t\t\t\t<h1 class=\"elementor-heading-title elementor-size-default\">NUESTRA HISTORIA<\/h1>\t\t\t\t<\/div>\n\t\t\t\t<\/div>\n\t\t\t\t<div class=\"elementor-element elementor-element-0670934 elementor-widget elementor-widget-image\" data-id=\"0670934\" data-element_type=\"widget\" data-e-type=\"widget\" data-widget_type=\"image.default\">\n\t\t\t\t<div class=\"elementor-widget-container\">\n\t\t\t\t\t\t\t\t\t\t\t\t\t\t\t<img decoding=\"async\" width=\"152\" height=\"80\" src=\"https:\/\/lamazatleca.com\/sp\/wp-content\/uploads\/2018\/07\/CAMARON-80PXH.png\" class=\"attachment-large size-large wp-image-261\" alt=\"\" srcset=\"https:\/\/lamazatleca.com\/sp\/wp-content\/uploads\/2018\/07\/CAMARON-80PXH.png 152w, https:\/\/lamazatleca.com\/sp\/wp-content\/uploads\/2018\/07\/CAMARON-80PXH-150x80.png 150w\" sizes=\"(max-width: 152px) 100vw, 152px\" \/>\t\t\t\t\t\t\t\t\t\t\t\t\t\t\t<\/div>\n\t\t\t\t<\/div>\n\t\t\t\t<div class=\"elementor-element elementor-element-bf23754 elementor-widget elementor-widget-text-editor\" data-id=\"bf23754\" data-element_type=\"widget\" data-e-type=\"widget\" data-widget_type=\"text-editor.default\">\n\t\t\t\t<div class=\"elementor-widget-container\">\n\t\t\t\t\t\t\t\t\t<h4 style=\"text-align: center;\"><span style=\"color: #ffffff;\">Detr\u00e1s de <strong>La Mazatleca<\/strong> hay un par de j\u00f3venes\u00a0emprendedores mazatlecos, que movidos por el amor a la gastronom\u00eda local, energ\u00eda y visi\u00f3n de negocios, decidieron sumergirse en el ramo gastron\u00f3mico de manera que pudieran compartir con el resto del pa\u00eds la calidad de los productos que el puerto puede ofrecer.<\/span><\/h4>\t\t\t\t\t\t\t\t<\/div>\n\t\t\t\t<\/div>\n\t\t\t\t\t<\/div>\n\t\t<\/div>\n\t\t\t\t\t<\/div>\n\t\t<\/section>\n\t\t\t\t<section class=\"elementor-section elementor-top-section elementor-element elementor-element-1df8a5a elementor-section-stretched elementor-section-full_width elementor-section-content-middle elementor-section-height-default elementor-section-height-default\" data-id=\"1df8a5a\" data-element_type=\"section\" data-e-type=\"section\" data-settings=\"{&quot;stretch_section&quot;:&quot;section-stretched&quot;,&quot;background_background&quot;:&quot;classic&quot;}\">\n\t\t\t\t\t\t<div class=\"elementor-container elementor-column-gap-default\">\n\t\t\t\t\t<div class=\"elementor-column elementor-col-50 elementor-top-column elementor-element elementor-element-5189a8d\" data-id=\"5189a8d\" data-element_type=\"column\" data-e-type=\"column\">\n\t\t\t<div class=\"elementor-widget-wrap elementor-element-populated\">\n\t\t\t\t\t\t<div class=\"elementor-element elementor-element-22ee769 animated-slow elementor-invisible elementor-widget elementor-widget-image\" data-id=\"22ee769\" data-element_type=\"widget\" data-e-type=\"widget\" data-settings=\"{&quot;_animation&quot;:&quot;fadeInLeft&quot;}\" data-widget_type=\"image.default\">\n\t\t\t\t<div class=\"elementor-widget-container\">\n\t\t\t\t\t\t\t\t\t\t\t\t\t\t\t<img fetchpriority=\"high\" decoding=\"async\" width=\"510\" height=\"510\" src=\"https:\/\/lamazatleca.com\/sp\/wp-content\/uploads\/2018\/07\/Equipo-de-La-Mazatleca-1-510x510.jpg\" class=\"attachment-tc-sq-thumb size-tc-sq-thumb wp-image-65\" alt=\"\" srcset=\"https:\/\/lamazatleca.com\/sp\/wp-content\/uploads\/2018\/07\/Equipo-de-La-Mazatleca-1-510x510.jpg 510w, https:\/\/lamazatleca.com\/sp\/wp-content\/uploads\/2018\/07\/Equipo-de-La-Mazatleca-1-150x150.jpg 150w, https:\/\/lamazatleca.com\/sp\/wp-content\/uploads\/2018\/07\/Equipo-de-La-Mazatleca-1-300x300.jpg 300w, https:\/\/lamazatleca.com\/sp\/wp-content\/uploads\/2018\/07\/Equipo-de-La-Mazatleca-1.jpg 713w\" sizes=\"(max-width: 510px) 100vw, 510px\" \/>\t\t\t\t\t\t\t\t\t\t\t\t\t\t\t<\/div>\n\t\t\t\t<\/div>\n\t\t\t\t\t<\/div>\n\t\t<\/div>\n\t\t\t\t<div class=\"elementor-column elementor-col-50 elementor-top-column elementor-element elementor-element-1a4319c\" data-id=\"1a4319c\" data-element_type=\"column\" data-e-type=\"column\">\n\t\t\t<div class=\"elementor-widget-wrap elementor-element-populated\">\n\t\t\t\t\t\t<div class=\"elementor-element elementor-element-46eaea5 elementor-widget elementor-widget-heading\" data-id=\"46eaea5\" data-element_type=\"widget\" data-e-type=\"widget\" data-widget_type=\"heading.default\">\n\t\t\t\t<div class=\"elementor-widget-container\">\n\t\t\t\t\t<h1 class=\"elementor-heading-title elementor-size-default\">FILOSOF\u00cdA<\/h1>\t\t\t\t<\/div>\n\t\t\t\t<\/div>\n\t\t\t\t<div class=\"elementor-element elementor-element-a4e9665 elementor-widget-divider--view-line elementor-widget elementor-widget-divider\" data-id=\"a4e9665\" data-element_type=\"widget\" data-e-type=\"widget\" data-widget_type=\"divider.default\">\n\t\t\t\t<div class=\"elementor-widget-container\">\n\t\t\t\t\t\t\t<div class=\"elementor-divider\">\n\t\t\t<span class=\"elementor-divider-separator\">\n\t\t\t\t\t\t<\/span>\n\t\t<\/div>\n\t\t\t\t\t\t<\/div>\n\t\t\t\t<\/div>\n\t\t\t\t<section class=\"elementor-section elementor-inner-section elementor-element elementor-element-5f67f28 elementor-section-boxed elementor-section-height-default elementor-section-height-default\" data-id=\"5f67f28\" data-element_type=\"section\" data-e-type=\"section\">\n\t\t\t\t\t\t<div class=\"elementor-container elementor-column-gap-default\">\n\t\t\t\t\t<div class=\"elementor-column elementor-col-50 elementor-inner-column elementor-element elementor-element-6bdcde6\" data-id=\"6bdcde6\" data-element_type=\"column\" data-e-type=\"column\">\n\t\t\t<div class=\"elementor-widget-wrap elementor-element-populated\">\n\t\t\t\t\t\t<div class=\"elementor-element elementor-element-04cd228 elementor-widget elementor-widget-heading\" data-id=\"04cd228\" data-element_type=\"widget\" data-e-type=\"widget\" data-widget_type=\"heading.default\">\n\t\t\t\t<div class=\"elementor-widget-container\">\n\t\t\t\t\t<h2 class=\"elementor-heading-title elementor-size-default\">MISI\u00d3N<\/h2>\t\t\t\t<\/div>\n\t\t\t\t<\/div>\n\t\t\t\t<div class=\"elementor-element elementor-element-38d0ab4 elementor-widget elementor-widget-text-editor\" data-id=\"38d0ab4\" data-element_type=\"widget\" data-e-type=\"widget\" data-widget_type=\"text-editor.default\">\n\t\t\t\t<div class=\"elementor-widget-container\">\n\t\t\t\t\t\t\t\t\t<p>Generar un ambiente c\u00e1lido y amigable que represente la <strong>naturaleza de los Mazatlecos,<\/strong> que permita a quienes nos visiten disfrutar de una experiencia gastron\u00f3mica tradicional y a la vez innovadora, siempre respetando el producto y sabor sobre todas las cosas.<\/p>\t\t\t\t\t\t\t\t<\/div>\n\t\t\t\t<\/div>\n\t\t\t\t\t<\/div>\n\t\t<\/div>\n\t\t\t\t<div class=\"elementor-column elementor-col-50 elementor-inner-column elementor-element elementor-element-f3ac224\" data-id=\"f3ac224\" data-element_type=\"column\" data-e-type=\"column\">\n\t\t\t<div class=\"elementor-widget-wrap elementor-element-populated\">\n\t\t\t\t\t\t<div class=\"elementor-element elementor-element-2cddaeb elementor-widget elementor-widget-heading\" data-id=\"2cddaeb\" data-element_type=\"widget\" data-e-type=\"widget\" data-widget_type=\"heading.default\">\n\t\t\t\t<div class=\"elementor-widget-container\">\n\t\t\t\t\t<h2 class=\"elementor-heading-title elementor-size-default\">VISI\u00d3N<\/h2>\t\t\t\t<\/div>\n\t\t\t\t<\/div>\n\t\t\t\t<div class=\"elementor-element elementor-element-0cc5fea elementor-widget elementor-widget-text-editor\" data-id=\"0cc5fea\" data-element_type=\"widget\" data-e-type=\"widget\" data-widget_type=\"text-editor.default\">\n\t\t\t\t<div class=\"elementor-widget-container\">\n\t\t\t\t\t\t\t\t\t<p>Convertirnos en una<strong> referencia gastron\u00f3mica del puerto de Mazatl\u00e1n,<\/strong> de manera que nos permita abrirnos mercado en nuevas locaciones a nivel nacional. Siempre buscando mejorar nuestros procesos y generando lazos importantes con la sociedad.<\/p>\t\t\t\t\t\t\t\t<\/div>\n\t\t\t\t<\/div>\n\t\t\t\t\t<\/div>\n\t\t<\/div>\n\t\t\t\t\t<\/div>\n\t\t<\/section>\n\t\t\t\t\t<\/div>\n\t\t<\/div>\n\t\t\t\t\t<\/div>\n\t\t<\/section>\n\t\t\t\t<section class=\"elementor-section elementor-top-section elementor-element elementor-element-e3c1fab elementor-section-stretched elementor-section-full_width elementor-section-height-default elementor-section-height-default\" data-id=\"e3c1fab\" data-element_type=\"section\" data-e-type=\"section\" data-settings=\"{&quot;stretch_section&quot;:&quot;section-stretched&quot;,&quot;background_background&quot;:&quot;classic&quot;}\">\n\t\t\t\t\t\t<div class=\"elementor-container elementor-column-gap-default\">\n\t\t\t\t\t<div class=\"elementor-column elementor-col-100 elementor-top-column elementor-element elementor-element-4312614 elementor-invisible\" data-id=\"4312614\" data-element_type=\"column\" data-e-type=\"column\" data-settings=\"{&quot;animation&quot;:&quot;fadeInUp&quot;}\">\n\t\t\t<div class=\"elementor-widget-wrap elementor-element-populated\">\n\t\t\t\t\t\t<div class=\"elementor-element elementor-element-6bc87f2 elementor-widget elementor-widget-heading\" data-id=\"6bc87f2\" data-element_type=\"widget\" data-e-type=\"widget\" data-widget_type=\"heading.default\">\n\t\t\t\t<div class=\"elementor-widget-container\">\n\t\t\t\t\t<h1 class=\"elementor-heading-title elementor-size-default\">NUESTROS VALORES<\/h1>\t\t\t\t<\/div>\n\t\t\t\t<\/div>\n\t\t\t\t<div class=\"elementor-element elementor-element-8eb84a6 elementor-widget-divider--view-line elementor-widget elementor-widget-divider\" data-id=\"8eb84a6\" data-element_type=\"widget\" data-e-type=\"widget\" data-widget_type=\"divider.default\">\n\t\t\t\t<div class=\"elementor-widget-container\">\n\t\t\t\t\t\t\t<div class=\"elementor-divider\">\n\t\t\t<span class=\"elementor-divider-separator\">\n\t\t\t\t\t\t<\/span>\n\t\t<\/div>\n\t\t\t\t\t\t<\/div>\n\t\t\t\t<\/div>\n\t\t\t\t<section class=\"elementor-section elementor-inner-section elementor-element elementor-element-bc5f250 elementor-section-full_width elementor-section-height-default elementor-section-height-default\" data-id=\"bc5f250\" data-element_type=\"section\" data-e-type=\"section\">\n\t\t\t\t\t\t<div class=\"elementor-container elementor-column-gap-extended\">\n\t\t\t\t\t<div class=\"elementor-column elementor-col-50 elementor-inner-column elementor-element elementor-element-6534b43\" data-id=\"6534b43\" data-element_type=\"column\" data-e-type=\"column\">\n\t\t\t<div class=\"elementor-widget-wrap elementor-element-populated\">\n\t\t\t\t\t\t<div class=\"elementor-element elementor-element-c5de50e elementor-widget elementor-widget-heading\" data-id=\"c5de50e\" data-element_type=\"widget\" data-e-type=\"widget\" data-widget_type=\"heading.default\">\n\t\t\t\t<div class=\"elementor-widget-container\">\n\t\t\t\t\t<h2 class=\"elementor-heading-title elementor-size-default\">DISCIPLINA<\/h2>\t\t\t\t<\/div>\n\t\t\t\t<\/div>\n\t\t\t\t\t<\/div>\n\t\t<\/div>\n\t\t\t\t<div class=\"elementor-column elementor-col-50 elementor-inner-column elementor-element elementor-element-a86c12f\" data-id=\"a86c12f\" data-element_type=\"column\" data-e-type=\"column\">\n\t\t\t<div class=\"elementor-widget-wrap elementor-element-populated\">\n\t\t\t\t\t\t<div class=\"elementor-element elementor-element-42e5f40 elementor-widget elementor-widget-text-editor\" data-id=\"42e5f40\" data-element_type=\"widget\" data-e-type=\"widget\" data-widget_type=\"text-editor.default\">\n\t\t\t\t<div class=\"elementor-widget-container\">\n\t\t\t\t\t\t\t\t\t<p>Generar un ambiente c\u00e1lido y amigable que represente la <strong>naturaleza de los Mazatlecos,<\/strong> que permita a quienes nos visiten disfrutar de una experiencia gastron\u00f3mica tradicional y a la vez innovadora, siempre respetando el producto y sabor sobre todas las cosas.<\/p>\t\t\t\t\t\t\t\t<\/div>\n\t\t\t\t<\/div>\n\t\t\t\t\t<\/div>\n\t\t<\/div>\n\t\t\t\t\t<\/div>\n\t\t<\/section>\n\t\t\t\t<section class=\"elementor-section elementor-inner-section elementor-element elementor-element-754e669 elementor-section-full_width elementor-section-height-default elementor-section-height-default\" data-id=\"754e669\" data-element_type=\"section\" data-e-type=\"section\">\n\t\t\t\t\t\t<div class=\"elementor-container elementor-column-gap-extended\">\n\t\t\t\t\t<div class=\"elementor-column elementor-col-50 elementor-inner-column elementor-element elementor-element-ac3c8b9\" data-id=\"ac3c8b9\" data-element_type=\"column\" data-e-type=\"column\">\n\t\t\t<div class=\"elementor-widget-wrap elementor-element-populated\">\n\t\t\t\t\t\t<div class=\"elementor-element elementor-element-96088c9 elementor-widget elementor-widget-heading\" data-id=\"96088c9\" data-element_type=\"widget\" data-e-type=\"widget\" data-widget_type=\"heading.default\">\n\t\t\t\t<div class=\"elementor-widget-container\">\n\t\t\t\t\t<h2 class=\"elementor-heading-title elementor-size-default\">LIDERAZGO A TRAV\u00c9S DE LA ACCI\u00d3N<\/h2>\t\t\t\t<\/div>\n\t\t\t\t<\/div>\n\t\t\t\t\t<\/div>\n\t\t<\/div>\n\t\t\t\t<div class=\"elementor-column elementor-col-50 elementor-inner-column elementor-element elementor-element-0f4be66\" data-id=\"0f4be66\" data-element_type=\"column\" data-e-type=\"column\">\n\t\t\t<div class=\"elementor-widget-wrap elementor-element-populated\">\n\t\t\t\t\t\t<div class=\"elementor-element elementor-element-b001be5 elementor-widget elementor-widget-text-editor\" data-id=\"b001be5\" data-element_type=\"widget\" data-e-type=\"widget\" data-widget_type=\"text-editor.default\">\n\t\t\t\t<div class=\"elementor-widget-container\">\n\t\t\t\t\t\t\t\t\t<p class=\"Sinespaciado tm6\">Creemos que una sociedad solo se eleva al nivel de sus l\u00edderes. La cultura de cualquier organizaci\u00f3n es solo la extensi\u00f3n del car\u00e1cter y las acciones de sus l\u00edderes, y creemos que solo hay una manera verdaderamente efectiva de liderar: Poniendo el ejemplo. La ejecuci\u00f3n lo es todo. Si nuestras acciones hablan en voz alta, nuestra influencia se escuchar\u00e1 en todo M\u00e9xico.<\/p><p class=\"Normal\">\u00a0<\/p>\t\t\t\t\t\t\t\t<\/div>\n\t\t\t\t<\/div>\n\t\t\t\t\t<\/div>\n\t\t<\/div>\n\t\t\t\t\t<\/div>\n\t\t<\/section>\n\t\t\t\t<section class=\"elementor-section elementor-inner-section elementor-element elementor-element-1a63f25 elementor-section-full_width elementor-section-height-default elementor-section-height-default\" data-id=\"1a63f25\" data-element_type=\"section\" data-e-type=\"section\">\n\t\t\t\t\t\t<div class=\"elementor-container elementor-column-gap-extended\">\n\t\t\t\t\t<div class=\"elementor-column elementor-col-50 elementor-inner-column elementor-element elementor-element-bb18624\" data-id=\"bb18624\" data-element_type=\"column\" data-e-type=\"column\">\n\t\t\t<div class=\"elementor-widget-wrap elementor-element-populated\">\n\t\t\t\t\t\t<div class=\"elementor-element elementor-element-e0fa648 elementor-widget elementor-widget-heading\" data-id=\"e0fa648\" data-element_type=\"widget\" data-e-type=\"widget\" data-widget_type=\"heading.default\">\n\t\t\t\t<div class=\"elementor-widget-container\">\n\t\t\t\t\t<h2 class=\"elementor-heading-title elementor-size-default\">SER BUEN NO ES SUFICIENTE, LA EXCELENCIA ES ESENCIAL<\/h2>\t\t\t\t<\/div>\n\t\t\t\t<\/div>\n\t\t\t\t\t<\/div>\n\t\t<\/div>\n\t\t\t\t<div class=\"elementor-column elementor-col-50 elementor-inner-column elementor-element elementor-element-20bbe4f\" data-id=\"20bbe4f\" data-element_type=\"column\" data-e-type=\"column\">\n\t\t\t<div class=\"elementor-widget-wrap elementor-element-populated\">\n\t\t\t\t\t\t<div class=\"elementor-element elementor-element-f61ee06 elementor-widget elementor-widget-text-editor\" data-id=\"f61ee06\" data-element_type=\"widget\" data-e-type=\"widget\" data-widget_type=\"text-editor.default\">\n\t\t\t\t<div class=\"elementor-widget-container\">\n\t\t\t\t\t\t\t\t\t<p class=\"Sinespaciado tm6\">No estamos satisfechos con hacer un buen trabajo, crear un buen producto, brindar un buen servicio y tener un buen desempe\u00f1o. La excelencia no es nuestro est\u00e1ndar; Es nuestro requisito m\u00ednimo, y siempre nos esforzaremos por ir m\u00e1s all\u00e1. Nos comprometemos a hacer cualquier preparaci\u00f3n, lograr el enfoque, hacer el esfuerzo, tener persistencia y la determinaci\u00f3n que sean necesarios para superar y sobre-entregar en todas las \u00e1reas de nuestra vida. No queremos que los resultados de nuestra vida y trabajo sean satisfactorios. Queremos que sean legendarios.<\/p><p class=\"Normal\">\u00a0<\/p><p class=\"Normal\">\u00a0<\/p>\t\t\t\t\t\t\t\t<\/div>\n\t\t\t\t<\/div>\n\t\t\t\t\t<\/div>\n\t\t<\/div>\n\t\t\t\t\t<\/div>\n\t\t<\/section>\n\t\t\t\t<section class=\"elementor-section elementor-inner-section elementor-element elementor-element-dca1248 elementor-section-full_width elementor-section-height-default elementor-section-height-default\" data-id=\"dca1248\" data-element_type=\"section\" data-e-type=\"section\">\n\t\t\t\t\t\t<div class=\"elementor-container elementor-column-gap-extended\">\n\t\t\t\t\t<div class=\"elementor-column elementor-col-50 elementor-inner-column elementor-element elementor-element-7f9c459\" data-id=\"7f9c459\" data-element_type=\"column\" data-e-type=\"column\">\n\t\t\t<div class=\"elementor-widget-wrap elementor-element-populated\">\n\t\t\t\t\t\t<div class=\"elementor-element elementor-element-bcc92c3 elementor-widget elementor-widget-heading\" data-id=\"bcc92c3\" data-element_type=\"widget\" data-e-type=\"widget\" data-widget_type=\"heading.default\">\n\t\t\t\t<div class=\"elementor-widget-container\">\n\t\t\t\t\t<h2 class=\"elementor-heading-title elementor-size-default\">ATENCI\u00d3N A LOS DETALLES<\/h2>\t\t\t\t<\/div>\n\t\t\t\t<\/div>\n\t\t\t\t\t<\/div>\n\t\t<\/div>\n\t\t\t\t<div class=\"elementor-column elementor-col-50 elementor-inner-column elementor-element elementor-element-c01e000\" data-id=\"c01e000\" data-element_type=\"column\" data-e-type=\"column\">\n\t\t\t<div class=\"elementor-widget-wrap elementor-element-populated\">\n\t\t\t\t\t\t<div class=\"elementor-element elementor-element-54aede5 elementor-widget elementor-widget-text-editor\" data-id=\"54aede5\" data-element_type=\"widget\" data-e-type=\"widget\" data-widget_type=\"text-editor.default\">\n\t\t\t\t<div class=\"elementor-widget-container\">\n\t\t\t\t\t\t\t\t\t<p class=\"Sinespaciado tm6\">Creemos que como hacemos una cosa hacemos todo, as\u00ed sea la actividad m\u00e1s insignificante o la actividad m\u00e1s cr\u00edtica, todas son importantes. Cada actividad por m\u00e1s peque\u00f1a que sea, es parte de un todo y si no se hace con el mayor esfuerzo y dedicaci\u00f3n afecta al resultado final. Por lo que cada actividad la hacemos con nuestro mejor esfuerzo, nuestra mejor atenci\u00f3n y nuestra total dedicaci\u00f3n.<\/p><p class=\"Normal\">\u00a0<\/p>\t\t\t\t\t\t\t\t<\/div>\n\t\t\t\t<\/div>\n\t\t\t\t\t<\/div>\n\t\t<\/div>\n\t\t\t\t\t<\/div>\n\t\t<\/section>\n\t\t\t\t<section class=\"elementor-section elementor-inner-section elementor-element elementor-element-460ba02 elementor-section-full_width elementor-section-height-default elementor-section-height-default\" data-id=\"460ba02\" data-element_type=\"section\" data-e-type=\"section\">\n\t\t\t\t\t\t<div class=\"elementor-container elementor-column-gap-extended\">\n\t\t\t\t\t<div class=\"elementor-column elementor-col-50 elementor-inner-column elementor-element elementor-element-d1279cd\" data-id=\"d1279cd\" data-element_type=\"column\" data-e-type=\"column\">\n\t\t\t<div class=\"elementor-widget-wrap elementor-element-populated\">\n\t\t\t\t\t\t<div class=\"elementor-element elementor-element-269ea16 elementor-widget elementor-widget-heading\" data-id=\"269ea16\" data-element_type=\"widget\" data-e-type=\"widget\" data-widget_type=\"heading.default\">\n\t\t\t\t<div class=\"elementor-widget-container\">\n\t\t\t\t\t<h2 class=\"elementor-heading-title elementor-size-default\">TRABAJANDO EN EQUIPO LLEGAMOS MAS LEJOS<\/h2>\t\t\t\t<\/div>\n\t\t\t\t<\/div>\n\t\t\t\t\t<\/div>\n\t\t<\/div>\n\t\t\t\t<div class=\"elementor-column elementor-col-50 elementor-inner-column elementor-element elementor-element-98af20d\" data-id=\"98af20d\" data-element_type=\"column\" data-e-type=\"column\">\n\t\t\t<div class=\"elementor-widget-wrap elementor-element-populated\">\n\t\t\t\t\t\t<div class=\"elementor-element elementor-element-c00caaf elementor-widget elementor-widget-text-editor\" data-id=\"c00caaf\" data-element_type=\"widget\" data-e-type=\"widget\" data-widget_type=\"text-editor.default\">\n\t\t\t\t<div class=\"elementor-widget-container\">\n\t\t\t\t\t\t\t\t\t<p class=\"Sinespaciado tm6\">Estamos convencidos que una empresa es tan fuerte como su eslab\u00f3n m\u00e1s d\u00e9bil. Por lo que trabajamos diariamente en el desarrollo de todos quienes la conforman, con capacitaciones constantes, nos apoyamos unos a otros aprovechando nuestras fortalezas y fortaleciendo las debilidades de los dem\u00e1s, ense\u00f1\u00e1ndoles a ser mejor, siempre con respeto. Siempre exigi\u00e9ndonos unos a otros a ser una mejor versi\u00f3n hoy de lo que \u00e9ramos ayer.<\/p><p class=\"Normal\">\u00a0<\/p>\t\t\t\t\t\t\t\t<\/div>\n\t\t\t\t<\/div>\n\t\t\t\t\t<\/div>\n\t\t<\/div>\n\t\t\t\t\t<\/div>\n\t\t<\/section>\n\t\t\t\t<section class=\"elementor-section elementor-inner-section elementor-element elementor-element-d9d08db elementor-section-full_width elementor-section-height-default elementor-section-height-default\" data-id=\"d9d08db\" data-element_type=\"section\" data-e-type=\"section\">\n\t\t\t\t\t\t<div class=\"elementor-container elementor-column-gap-extended\">\n\t\t\t\t\t<div class=\"elementor-column elementor-col-50 elementor-inner-column elementor-element elementor-element-07d2623\" data-id=\"07d2623\" data-element_type=\"column\" data-e-type=\"column\">\n\t\t\t<div class=\"elementor-widget-wrap elementor-element-populated\">\n\t\t\t\t\t\t<div class=\"elementor-element elementor-element-49cd2b2 elementor-widget elementor-widget-heading\" data-id=\"49cd2b2\" data-element_type=\"widget\" data-e-type=\"widget\" data-widget_type=\"heading.default\">\n\t\t\t\t<div class=\"elementor-widget-container\">\n\t\t\t\t\t<h2 class=\"elementor-heading-title elementor-size-default\">SENTIDO DE COMUNIDAD<\/h2>\t\t\t\t<\/div>\n\t\t\t\t<\/div>\n\t\t\t\t\t<\/div>\n\t\t<\/div>\n\t\t\t\t<div class=\"elementor-column elementor-col-50 elementor-inner-column elementor-element elementor-element-d03eb13\" data-id=\"d03eb13\" data-element_type=\"column\" data-e-type=\"column\">\n\t\t\t<div class=\"elementor-widget-wrap elementor-element-populated\">\n\t\t\t\t\t\t<div class=\"elementor-element elementor-element-6dc5c3e elementor-widget elementor-widget-text-editor\" data-id=\"6dc5c3e\" data-element_type=\"widget\" data-e-type=\"widget\" data-widget_type=\"text-editor.default\">\n\t\t\t\t<div class=\"elementor-widget-container\">\n\t\t\t\t\t\t\t\t\t<p class=\"Sinespaciado tm6\">Buscamos transmitir un sentido de armon\u00eda con el medio ambiente y ser un ejemplo a seguir en todos los aspectos de nuestra vida, proporcionando valor a todas las personas que nos conocen para lograr un impacto positivo en la comunidad donde vivimos.<\/p><p class=\"Normal\">\u00a0<\/p><p class=\"Normal\">\u00a0<\/p>\t\t\t\t\t\t\t\t<\/div>\n\t\t\t\t<\/div>\n\t\t\t\t\t<\/div>\n\t\t<\/div>\n\t\t\t\t\t<\/div>\n\t\t<\/section>\n\t\t\t\t<div class=\"elementor-element elementor-element-2a4774e elementor-widget-divider--view-line elementor-widget elementor-widget-divider\" data-id=\"2a4774e\" data-element_type=\"widget\" data-e-type=\"widget\" data-widget_type=\"divider.default\">\n\t\t\t\t<div class=\"elementor-widget-container\">\n\t\t\t\t\t\t\t<div class=\"elementor-divider\">\n\t\t\t<span class=\"elementor-divider-separator\">\n\t\t\t\t\t\t<\/span>\n\t\t<\/div>\n\t\t\t\t\t\t<\/div>\n\t\t\t\t<\/div>\n\t\t\t\t\t<\/div>\n\t\t<\/div>\n\t\t\t\t\t<\/div>\n\t\t<\/section>\n\t\t\t\t<\/div>\n\t\t","protected":false},"excerpt":{"rendered":"<p>NUESTRA HISTORIA Detr\u00e1s de La Mazatleca hay un par de j\u00f3venes\u00a0emprendedores mazatlecos, que movidos por el amor a la gastronom\u00eda local, energ\u00eda y visi\u00f3n de negocios, decidieron sumergirse en el ramo gastron\u00f3mico de manera que pudieran compartir con el resto del pa\u00eds la calidad de los productos que el puerto puede ofrecer. FILOSOF\u00cdA MISI\u00d3N Generar [&hellip;]<\/p>\n","protected":false},"author":1,"featured_media":0,"parent":0,"menu_order":0,"comment_status":"closed","ping_status":"closed","template":"elementor_header_footer","meta":{"_monsterinsights_skip_tracking":false,"_monsterinsights_sitenote_active":false,"_monsterinsights_sitenote_note":"","_monsterinsights_sitenote_category":0,"_joinchat":[],"footnotes":""},"class_list":["post-9","page","type-page","status-publish","czr-hentry"],"yoast_head":"<!-- This site is optimized with the Yoast SEO plugin v27.4 - https:\/\/yoast.com\/product\/yoast-seo-wordpress\/ -->\n<title>Nuestra historia - La Mazatleca<\/title>\n<meta name=\"description\" content=\"La Mazatleca abri\u00f3 sus puertas el 22 de Junio del 2014, en una impresionante localidad frente al mar denominada Zona Dorada de Mazatl\u00e1n, Sinaloa.\" \/>\n<meta name=\"robots\" content=\"index, follow, max-snippet:-1, max-image-preview:large, max-video-preview:-1\" \/>\n<link rel=\"canonical\" href=\"https:\/\/lamazatleca.com\/sp\/nuestra-historia\/\" \/>\n<meta property=\"og:locale\" content=\"es_MX\" \/>\n<meta property=\"og:type\" content=\"article\" \/>\n<meta property=\"og:title\" content=\"Nuestra historia - La Mazatleca\" \/>\n<meta property=\"og:description\" content=\"La Mazatleca abri\u00f3 sus puertas el 22 de Junio del 2014, en una impresionante localidad frente al mar denominada Zona Dorada de Mazatl\u00e1n, Sinaloa.\" \/>\n<meta property=\"og:url\" content=\"https:\/\/lamazatleca.com\/sp\/nuestra-historia\/\" \/>\n<meta property=\"og:site_name\" content=\"La Mazatleca\" \/>\n<meta property=\"article:modified_time\" content=\"2021-09-01T17:32:25+00:00\" \/>\n<meta property=\"og:image\" content=\"https:\/\/lamazatleca.com\/sp\/wp-content\/uploads\/2018\/07\/CAMARON-80PXH.png\" \/>\n<meta name=\"twitter:card\" content=\"summary_large_image\" \/>\n<meta name=\"twitter:label1\" content=\"Tiempo de lectura\" \/>\n\t<meta name=\"twitter:data1\" content=\"3 minutos\" \/>\n<script type=\"application\/ld+json\" class=\"yoast-schema-graph\">{\"@context\":\"https:\\\/\\\/schema.org\",\"@graph\":[{\"@type\":\"WebPage\",\"@id\":\"https:\\\/\\\/lamazatleca.com\\\/sp\\\/nuestra-historia\\\/\",\"url\":\"https:\\\/\\\/lamazatleca.com\\\/sp\\\/nuestra-historia\\\/\",\"name\":\"Nuestra historia - La Mazatleca\",\"isPartOf\":{\"@id\":\"https:\\\/\\\/lamazatleca.com\\\/sp\\\/#website\"},\"primaryImageOfPage\":{\"@id\":\"https:\\\/\\\/lamazatleca.com\\\/sp\\\/nuestra-historia\\\/#primaryimage\"},\"image\":{\"@id\":\"https:\\\/\\\/lamazatleca.com\\\/sp\\\/nuestra-historia\\\/#primaryimage\"},\"thumbnailUrl\":\"https:\\\/\\\/lamazatleca.com\\\/sp\\\/wp-content\\\/uploads\\\/2018\\\/07\\\/CAMARON-80PXH.png\",\"datePublished\":\"2018-07-15T23:04:29+00:00\",\"dateModified\":\"2021-09-01T17:32:25+00:00\",\"description\":\"La Mazatleca abri\u00f3 sus puertas el 22 de Junio del 2014, en una impresionante localidad frente al mar denominada Zona Dorada de Mazatl\u00e1n, Sinaloa.\",\"breadcrumb\":{\"@id\":\"https:\\\/\\\/lamazatleca.com\\\/sp\\\/nuestra-historia\\\/#breadcrumb\"},\"inLanguage\":\"es\",\"potentialAction\":[{\"@type\":\"ReadAction\",\"target\":[\"https:\\\/\\\/lamazatleca.com\\\/sp\\\/nuestra-historia\\\/\"]}]},{\"@type\":\"ImageObject\",\"inLanguage\":\"es\",\"@id\":\"https:\\\/\\\/lamazatleca.com\\\/sp\\\/nuestra-historia\\\/#primaryimage\",\"url\":\"https:\\\/\\\/lamazatleca.com\\\/sp\\\/wp-content\\\/uploads\\\/2018\\\/07\\\/CAMARON-80PXH.png\",\"contentUrl\":\"https:\\\/\\\/lamazatleca.com\\\/sp\\\/wp-content\\\/uploads\\\/2018\\\/07\\\/CAMARON-80PXH.png\",\"width\":152,\"height\":80},{\"@type\":\"BreadcrumbList\",\"@id\":\"https:\\\/\\\/lamazatleca.com\\\/sp\\\/nuestra-historia\\\/#breadcrumb\",\"itemListElement\":[{\"@type\":\"ListItem\",\"position\":1,\"name\":\"Home\",\"item\":\"https:\\\/\\\/lamazatleca.com\\\/sp\\\/\"},{\"@type\":\"ListItem\",\"position\":2,\"name\":\"Nuestra historia\"}]},{\"@type\":\"WebSite\",\"@id\":\"https:\\\/\\\/lamazatleca.com\\\/sp\\\/#website\",\"url\":\"https:\\\/\\\/lamazatleca.com\\\/sp\\\/\",\"name\":\"La Mazatleca\",\"description\":\"Restaurante de Mariscos \\\/ Una nueva tradici\u00f3n.\",\"potentialAction\":[{\"@type\":\"SearchAction\",\"target\":{\"@type\":\"EntryPoint\",\"urlTemplate\":\"https:\\\/\\\/lamazatleca.com\\\/sp\\\/?s={search_term_string}\"},\"query-input\":{\"@type\":\"PropertyValueSpecification\",\"valueRequired\":true,\"valueName\":\"search_term_string\"}}],\"inLanguage\":\"es\"}]}<\/script>\n<!-- \/ Yoast SEO plugin. -->","yoast_head_json":{"title":"Nuestra historia - La Mazatleca","description":"La Mazatleca abri\u00f3 sus puertas el 22 de Junio del 2014, en una impresionante localidad frente al mar denominada Zona Dorada de Mazatl\u00e1n, Sinaloa.","robots":{"index":"index","follow":"follow","max-snippet":"max-snippet:-1","max-image-preview":"max-image-preview:large","max-video-preview":"max-video-preview:-1"},"canonical":"https:\/\/lamazatleca.com\/sp\/nuestra-historia\/","og_locale":"es_MX","og_type":"article","og_title":"Nuestra historia - La Mazatleca","og_description":"La Mazatleca abri\u00f3 sus puertas el 22 de Junio del 2014, en una impresionante localidad frente al mar denominada Zona Dorada de Mazatl\u00e1n, Sinaloa.","og_url":"https:\/\/lamazatleca.com\/sp\/nuestra-historia\/","og_site_name":"La Mazatleca","article_modified_time":"2021-09-01T17:32:25+00:00","og_image":[{"url":"https:\/\/lamazatleca.com\/sp\/wp-content\/uploads\/2018\/07\/CAMARON-80PXH.png","type":"","width":"","height":""}],"twitter_card":"summary_large_image","twitter_misc":{"Tiempo de lectura":"3 minutos"},"schema":{"@context":"https:\/\/schema.org","@graph":[{"@type":"WebPage","@id":"https:\/\/lamazatleca.com\/sp\/nuestra-historia\/","url":"https:\/\/lamazatleca.com\/sp\/nuestra-historia\/","name":"Nuestra historia - La Mazatleca","isPartOf":{"@id":"https:\/\/lamazatleca.com\/sp\/#website"},"primaryImageOfPage":{"@id":"https:\/\/lamazatleca.com\/sp\/nuestra-historia\/#primaryimage"},"image":{"@id":"https:\/\/lamazatleca.com\/sp\/nuestra-historia\/#primaryimage"},"thumbnailUrl":"https:\/\/lamazatleca.com\/sp\/wp-content\/uploads\/2018\/07\/CAMARON-80PXH.png","datePublished":"2018-07-15T23:04:29+00:00","dateModified":"2021-09-01T17:32:25+00:00","description":"La Mazatleca abri\u00f3 sus puertas el 22 de Junio del 2014, en una impresionante localidad frente al mar denominada Zona Dorada de Mazatl\u00e1n, Sinaloa.","breadcrumb":{"@id":"https:\/\/lamazatleca.com\/sp\/nuestra-historia\/#breadcrumb"},"inLanguage":"es","potentialAction":[{"@type":"ReadAction","target":["https:\/\/lamazatleca.com\/sp\/nuestra-historia\/"]}]},{"@type":"ImageObject","inLanguage":"es","@id":"https:\/\/lamazatleca.com\/sp\/nuestra-historia\/#primaryimage","url":"https:\/\/lamazatleca.com\/sp\/wp-content\/uploads\/2018\/07\/CAMARON-80PXH.png","contentUrl":"https:\/\/lamazatleca.com\/sp\/wp-content\/uploads\/2018\/07\/CAMARON-80PXH.png","width":152,"height":80},{"@type":"BreadcrumbList","@id":"https:\/\/lamazatleca.com\/sp\/nuestra-historia\/#breadcrumb","itemListElement":[{"@type":"ListItem","position":1,"name":"Home","item":"https:\/\/lamazatleca.com\/sp\/"},{"@type":"ListItem","position":2,"name":"Nuestra historia"}]},{"@type":"WebSite","@id":"https:\/\/lamazatleca.com\/sp\/#website","url":"https:\/\/lamazatleca.com\/sp\/","name":"La Mazatleca","description":"Restaurante de Mariscos \/ Una nueva tradici\u00f3n.","potentialAction":[{"@type":"SearchAction","target":{"@type":"EntryPoint","urlTemplate":"https:\/\/lamazatleca.com\/sp\/?s={search_term_string}"},"query-input":{"@type":"PropertyValueSpecification","valueRequired":true,"valueName":"search_term_string"}}],"inLanguage":"es"}]}},"_links":{"self":[{"href":"https:\/\/lamazatleca.com\/sp\/wp-json\/wp\/v2\/pages\/9","targetHints":{"allow":["GET"]}}],"collection":[{"href":"https:\/\/lamazatleca.com\/sp\/wp-json\/wp\/v2\/pages"}],"about":[{"href":"https:\/\/lamazatleca.com\/sp\/wp-json\/wp\/v2\/types\/page"}],"author":[{"embeddable":true,"href":"https:\/\/lamazatleca.com\/sp\/wp-json\/wp\/v2\/users\/1"}],"replies":[{"embeddable":true,"href":"https:\/\/lamazatleca.com\/sp\/wp-json\/wp\/v2\/comments?post=9"}],"version-history":[{"count":107,"href":"https:\/\/lamazatleca.com\/sp\/wp-json\/wp\/v2\/pages\/9\/revisions"}],"predecessor-version":[{"id":522,"href":"https:\/\/lamazatleca.com\/sp\/wp-json\/wp\/v2\/pages\/9\/revisions\/522"}],"wp:attachment":[{"href":"https:\/\/lamazatleca.com\/sp\/wp-json\/wp\/v2\/media?parent=9"}],"curies":[{"name":"wp","href":"https:\/\/api.w.org\/{rel}","templated":true}]}}